{"id":1571,"date":"2017-06-29T17:53:06","date_gmt":"2017-06-29T17:53:06","guid":{"rendered":"http:\/\/www.montrealenhistoires.com\/?page_id=1571\/"},"modified":"2017-07-06T13:14:24","modified_gmt":"2017-07-06T13:14:24","slug":"parcours-de-nos-partenaires-espagnol","status":"publish","type":"page","link":"https:\/\/www.montrealenhistoires.com\/en\/parcours-de-nos-partenaires-espagnol\/","title":{"rendered":"PARCOURS DE NOS PARTENAIRES ESPAGNOL"},"content":{"rendered":"<div class=\"custom-separator\" style=\"background-color: #71b1cc;\"><\/div>\n<div class='flex_column_table av-av_one_fifth-b4641774393af932a872c23ada4ff8c1 sc-av_one_fifth av-equal-height-column-flextable'>\n<style type=\"text\/css\" data-created_by=\"avia_inline_auto\" id=\"style-css-av-av_one_fifth-b4641774393af932a872c23ada4ff8c1\">\n.flex_column.av-av_one_fifth-b4641774393af932a872c23ada4ff8c1{\nborder-radius:0px 0px 0px 0px;\npadding:0px 0px 0px 0px;\nbackground-color:#000000;\n}\n<\/style>\n<div  class='flex_column av-av_one_fifth-b4641774393af932a872c23ada4ff8c1 av_one_fifth  avia-builder-el-1  el_after_meh_separator  el_before_av_one_fifth  first no_margin flex_column_table_cell av-equal-height-column av-align-top av-zero-column-padding  '     ><\/div>\n\n<style type=\"text\/css\" data-created_by=\"avia_inline_auto\" id=\"style-css-av-av_one_fifth-32d76e3ef00d96399388895e0e624f9a\">\n.flex_column.av-av_one_fifth-32d76e3ef00d96399388895e0e624f9a{\nborder-radius:0px 0px 0px 0px;\npadding:0px 0px 0px 0px;\nbackground-color:#e7e7e8;\n}\n<\/style>\n<div  class='flex_column av-av_one_fifth-32d76e3ef00d96399388895e0e624f9a av_one_fifth  avia-builder-el-3  el_after_av_one_fifth  el_before_av_three_fifth  no_margin flex_column_table_cell av-equal-height-column av-align-top av-zero-column-padding  '     ><section  class='av_textblock_section av-av_textblock-396ddf1f42196ca838231e61a4602801 '   itemscope=\"itemscope\" itemtype=\"https:\/\/schema.org\/CreativeWork\" ><div class='avia_textblock'  itemprop=\"text\" ><p><img loading=\"lazy\" decoding=\"async\" class=\"alignnone wp-image-1563\" src=\"https:\/\/www.montrealenhistoires.com\/wp-content\/uploads\/2017\/04\/CN-PMS-485-large-1-300x116.png\" alt=\"\" width=\"151\" height=\"58\" srcset=\"https:\/\/www.montrealenhistoires.com\/wp-content\/uploads\/2017\/04\/CN-PMS-485-large-1-300x116.png 300w, https:\/\/www.montrealenhistoires.com\/wp-content\/uploads\/2017\/04\/CN-PMS-485-large-1-768x297.png 768w, https:\/\/www.montrealenhistoires.com\/wp-content\/uploads\/2017\/04\/CN-PMS-485-large-1-1030x398.png 1030w, https:\/\/www.montrealenhistoires.com\/wp-content\/uploads\/2017\/04\/CN-PMS-485-large-1-1500x579.png 1500w, https:\/\/www.montrealenhistoires.com\/wp-content\/uploads\/2017\/04\/CN-PMS-485-large-1-705x272.png 705w, https:\/\/www.montrealenhistoires.com\/wp-content\/uploads\/2017\/04\/CN-PMS-485-large-1-845x321.png 845w, https:\/\/www.montrealenhistoires.com\/wp-content\/uploads\/2017\/04\/CN-PMS-485-large-1-450x174.png 450w, https:\/\/www.montrealenhistoires.com\/wp-content\/uploads\/2017\/04\/CN-PMS-485-large-1.png 1600w\" sizes=\"auto, (max-width: 151px) 100vw, 151px\" \/><\/p>\n<\/div><\/section><\/div>\n\n<style type=\"text\/css\" data-created_by=\"avia_inline_auto\" id=\"style-css-av-av_three_fifth-32d76e3ef00d96399388895e0e624f9a\">\n.flex_column.av-av_three_fifth-32d76e3ef00d96399388895e0e624f9a{\nborder-radius:0px 0px 0px 0px;\npadding:0px 0px 0px 0px;\nbackground-color:#e7e7e8;\n}\n<\/style>\n<div  class='flex_column av-av_three_fifth-32d76e3ef00d96399388895e0e624f9a av_three_fifth  avia-builder-el-5  el_after_av_one_fifth  avia-builder-el-last  no_margin flex_column_table_cell av-equal-height-column av-align-top av-zero-column-padding  '     ><div  class='avia-content-slider-element-container av-av_content_slider-1e6b9959a29a95263c9d8cd3bc0ee85c avia-content-slider-element-slider avia-content-slider avia-smallarrow-slider avia-content-slider-active avia-content-slider-odd  avia-builder-el-6  avia-builder-el-no-sibling  av-slideshow-ui av-control-default av-nav-arrows-visible av-nav-dots-visible av-no-slider-navigation av-slideshow-manual av-loop-once av-loop-manual-endless avia-content-slider1' data-slideshow-options=\"{&quot;animation&quot;:&quot;slide&quot;,&quot;autoplay&quot;:false,&quot;loop_autoplay&quot;:&quot;once&quot;,&quot;interval&quot;:5,&quot;loop_manual&quot;:&quot;manual-endless&quot;,&quot;autoplay_stopper&quot;:false,&quot;noNavigation&quot;:false,&quot;bg_slider&quot;:false,&quot;keep_padding&quot;:&quot;&quot;,&quot;hoverpause&quot;:false,&quot;show_slide_delay&quot;:30}\"><div class='avia-smallarrow-slider-heading  no-content-slider-heading '><div class='new-special-heading'>&nbsp;<\/div><div class='avia-slideshow-arrows avia-slideshow-controls' ><a href='#prev' class='prev-slide  avia-svg-icon avia-font-svg_entypo-fontello' data-av_svg_icon='left-open-big' data-av_iconset='svg_entypo-fontello' tabindex='-1' title=\"Previous\"><svg version=\"1.1\" xmlns=\"http:\/\/www.w3.org\/2000\/svg\" width=\"15\" height=\"32\" viewBox=\"0 0 15 32\" preserveAspectRatio=\"xMidYMid meet\" aria-labelledby='av-svg-title-1' aria-describedby='av-svg-desc-1' role=\"graphics-symbol\" aria-hidden=\"true\">\n<title id='av-svg-title-1'>Previous<\/title>\n<desc id='av-svg-desc-1'>Previous<\/desc>\n<path d=\"M14.464 27.84q0.832 0.832 0 1.536-0.832 0.832-1.536 0l-12.544-12.608q-0.768-0.768 0-1.6l12.544-12.608q0.704-0.832 1.536 0 0.832 0.704 0 1.536l-11.456 11.904z\"><\/path>\n<\/svg><span class='avia_hidden_link_text'>Previous<\/span><\/a><a href='#next' class='next-slide  avia-svg-icon avia-font-svg_entypo-fontello' data-av_svg_icon='right-open-big' data-av_iconset='svg_entypo-fontello' tabindex='-1' title=\"Next\"><svg version=\"1.1\" xmlns=\"http:\/\/www.w3.org\/2000\/svg\" width=\"15\" height=\"32\" viewBox=\"0 0 15 32\" preserveAspectRatio=\"xMidYMid meet\" aria-labelledby='av-svg-title-2' aria-describedby='av-svg-desc-2' role=\"graphics-symbol\" aria-hidden=\"true\">\n<title id='av-svg-title-2'>Next<\/title>\n<desc id='av-svg-desc-2'>Next<\/desc>\n<path d=\"M0.416 27.84l11.456-11.84-11.456-11.904q-0.832-0.832 0-1.536 0.832-0.832 1.536 0l12.544 12.608q0.768 0.832 0 1.6l-12.544 12.608q-0.704 0.832-1.536 0-0.832-0.704 0-1.536z\"><\/path>\n<\/svg><span class='avia_hidden_link_text'>Next<\/span><\/a><\/div><\/div><div class=\"avia-content-slider-inner\"><div class=\"slide-entry-wrap\"><section class='slide-entry av-av_content_slide-c0d1431e37b0d530b22db76a6fcea82d flex_column av_fullwidth post-entry slide-entry-overview slide-loop-1 slide-parity-odd  first'  itemscope=\"itemscope\" itemtype=\"https:\/\/schema.org\/CreativeWork\" ><h3 class='slide-entry-title entry-title '  itemprop=\"headline\" >El nacimiento del ferrocarril<\/h3><div class='slide-entry-excerpt entry-content'  itemprop=\"text\" ><p>Ya en la Edad Media se utilizaban veh\u00edculos tirados por humanos o caballos sobre rieles de madera con el fin de facilitar el desplazamiento de cargas pesadas, particularmente en las minas. Con el desarrollo de la metalurgia en el siglo XVIII, estos rieles comenzaron a ser fabricados con hierro y acero, mejorando su eficacia.<\/p>\n<p>En 1804, en Escocia, se construy\u00f3 la primera locomotora de vapor. Desde entonces, el ferrocarril se expandi\u00f3 r\u00e1pidamente en Europa.<\/p>\n<p>En Canad\u00e1, la primera l\u00ednea de ferrocarril se inaugur\u00f3 en 1836. En 1852, se fund\u00f3 la <em>Compagnie du Grand Tronc<\/em> con el ambicioso proyecto de unir Montreal con Toronto. En 1860, ante la necesidad de conectar Montreal con la red provincial y estadounidense, fue inaugurado el puente Victoria. Siete a\u00f1os m\u00e1s tarde, el ferrocarril <em>Grand Tronc<\/em> se convirti\u00f3 en la red ferroviaria m\u00e1s larga del mundo.<\/p>\n<\/div><\/section><\/div><div class=\"slide-entry-wrap\"><section class='slide-entry av-av_content_slide-1d194792e2929aec69ad9a657274ce06 flex_column av_fullwidth post-entry slide-entry-overview slide-loop-2 slide-parity-odd  first'  itemscope=\"itemscope\" itemtype=\"https:\/\/schema.org\/CreativeWork\" ><h3 class='slide-entry-title entry-title '  itemprop=\"headline\" >El Oeste<\/h3><div class='slide-entry-excerpt entry-content'  itemprop=\"text\" ><p>En 1867 fue formada la Confederaci\u00f3n de Canad\u00e1, reuniendo en un mismo pa\u00eds las provincias de Ontario, Quebec y Nuevo Brunswick. En este nuevo dominio federal se construy\u00f3 una red de ferrocarril no solo con el fin de unir las provincias centrales y las mar\u00edtimas, sino tambi\u00e9n por una necesidad pol\u00edtica y econ\u00f3mica inscrita en el acuerdo constitucional.<\/p>\n<p>En 1871, Columbia Brit\u00e1nica se integr\u00f3 a la Confederaci\u00f3n con la promesa de crear una red ferroviaria que la unir\u00eda al resto del pa\u00eds, lo que se logr\u00f3 con el ferrocarril transcontinental, cuyas obras finalizaron en 1885. Al a\u00f1o siguiente, un tren atraves\u00f3 Canad\u00e1 por primera vez, partiendo de Montreal a Port Moody, cerca de Vancouver. En 1905, Alberta y Saskatchewan se convirtieron en provincias del pa\u00eds. Canad\u00e1 ya estaba conectada de costa a costa. Se podr\u00eda decir, sin duda alguna, que el ferrocarril permiti\u00f3 el nacimiento de Canad\u00e1.<\/p>\n<\/div><\/section><\/div><div class=\"slide-entry-wrap\"><section class='slide-entry av-av_content_slide-a44302dc75f65a303064ce3ee2203a78 flex_column av_fullwidth post-entry slide-entry-overview slide-loop-3 slide-parity-odd  first'  itemscope=\"itemscope\" itemtype=\"https:\/\/schema.org\/CreativeWork\" ><h3 class='slide-entry-title entry-title '  itemprop=\"headline\" >La modernidad<\/h3><div class='slide-entry-excerpt entry-content'  itemprop=\"text\" ><p>El ferrocarril y la locomotora de vapor representaron avances tecnol\u00f3gicos excepcionales, poniendo al descubierto un mundo de posibilidades.<\/p>\n<p>La distancia no representaba ya un obst\u00e1culo infranqueable, puesto que los trenes redujeron considerablemente el tiempo de desplazamiento. Ir de Quebec a Montreal en tren no tomaba m\u00e1s que algunas horas. Asimismo, \u00a1era posible llegar a Vancouver en menos de una semana!<\/p>\n<p>Este medio de transporte, el m\u00e1s eficaz del mundo en ese entonces, abri\u00f3 las v\u00edas a los viajes, al comercio de envergadura y al intercambio de conocimientos. Desde 1923, la compa\u00f1\u00eda ferroviaria <em>Canadien National<\/em> es la primera en transmitir programas de radio en sus trenes. La red ferroviaria ofrec\u00eda, igualmente, nuevas posibilidades con sus escuelas itinerantes o sus servicios sociales destinados a ni\u00f1os y adultos que viv\u00edan en zonas remotas. El ferrocarril llev\u00f3 la modernidad dondequiera que pasara.<\/p>\n<\/div><\/section><\/div><div class=\"slide-entry-wrap\"><section class='slide-entry av-av_content_slide-7efa95268e5b12753bf1fec072bcbabf flex_column av_fullwidth post-entry slide-entry-overview slide-loop-4 slide-parity-odd  first'  itemscope=\"itemscope\" itemtype=\"https:\/\/schema.org\/CreativeWork\" ><h3 class='slide-entry-title entry-title '  itemprop=\"headline\" >La industrializaci\u00f3n<\/h3><div class='slide-entry-excerpt entry-content'  itemprop=\"text\" ><p>El ferrocarril, una verdadera \u00ablocomotora\u00bb para toda la econom\u00eda, ocup\u00f3 un lugar central en el proceso de industrializaci\u00f3n del siglo XIX.<\/p>\n<p>La red ferroviaria, en plena expansi\u00f3n, inicialmente requiri\u00f3 de grandes inversiones, de obras de gran envergadura y de mano de obra importante, lo que impuls\u00f3 la industria pesada en el pa\u00eds. Adem\u00e1s, el ferrocarril favoreci\u00f3 sin duda alguna el desarrollo de diferentes sectores econ\u00f3micos, creando, de esta manera, nuevos mercados. En este contexto, el ritmo creci\u00f3 mediante la adopci\u00f3n de una producci\u00f3n manufacturera, en la que se experimentaron t\u00e9cnicas de trabajo in\u00e9ditas. Montreal, gracias a su ventajosa posici\u00f3n geogr\u00e1fica, se benefici\u00f3 plenamente del desarrollo del sector manufacturero.<\/p>\n<p>Esta \u00abrevoluci\u00f3n industrial\u00bb, la cual estuvo concentrada en los centros urbanos cercanos a las l\u00edneas ferroviarias, atrajo una gran cantidad de obreros. Fueron muchos quienes dejaron el campo para instalarse en la ciudad y conseguir empleo en esta industria en pleno crecimiento.<\/p>\n<\/div><\/section><\/div><div class=\"slide-entry-wrap\"><section class='slide-entry av-av_content_slide-c3fb75e5a32f2ec54691e1b92da86676 flex_column av_fullwidth post-entry slide-entry-overview slide-loop-5 slide-parity-odd  first'  itemscope=\"itemscope\" itemtype=\"https:\/\/schema.org\/CreativeWork\" ><h3 class='slide-entry-title entry-title '  itemprop=\"headline\" >El factor humano<\/h3><div class='slide-entry-excerpt entry-content'  itemprop=\"text\" ><p>Desde los inicios del ferrocarril, miles de hombres y mujeres trabajaron detr\u00e1s de estos \u00abmonstruos de acero\u00bb, las locomotoras, y aseguraron la construcci\u00f3n de kil\u00f3metros de v\u00edas f\u00e9rreas que recorren el pa\u00eds.<\/p>\n<p>Once a\u00f1os antes de que la Confederaci\u00f3n de Canad\u00e1 fuera creada, muchos obreros ya ensamblaban locomotoras en los talleres ferroviarios del <em>Grand Tronc<\/em> en <em>Pointe-Saint-Charles<\/em>.<\/p>\n<p>Decenas de miles de ingenieros, ferroviarios, guardagujas, mec\u00e1nicos, telegrafistas y agentes de servicio han marcado la historia del ferrocarril en Canad\u00e1. Los jefes de estaci\u00f3n y los conductores de trenes velaban por el correcto desarrollo de los viajes que llevaban pasajeros de un extremo al otro del pa\u00eds.<\/p>\n<\/div><\/section><\/div><div class=\"slide-entry-wrap\"><section class='slide-entry av-av_content_slide-e2b4a06b5744e3327a9c1c8a2e1be884 flex_column av_fullwidth post-entry slide-entry-overview slide-loop-6 slide-parity-odd  post-entry-last  first'  itemscope=\"itemscope\" itemtype=\"https:\/\/schema.org\/CreativeWork\" ><h3 class='slide-entry-title entry-title '  itemprop=\"headline\" >Resumen de la historia del CN<\/h3><div class='slide-entry-excerpt entry-content'  itemprop=\"text\" ><p>El ferrocarril no solo ha sido testigo de la historia de Canad\u00e1, sino tambi\u00e9n la ha marcado profundamente. Actor de primer plano en la construcci\u00f3n del pa\u00eds, ha cambiado la vida de miles de trabajadores y viajeros desde hace m\u00e1s de 150 a\u00f1os.<\/p>\n<p>Creada en 1919 por el gobierno federal como una agrupaci\u00f3n de diferentes compa\u00f1\u00edas ferroviarias, la <em>Canadien National<\/em> adquiri\u00f3 su forma definitiva al absorber la compa\u00f1\u00eda <em>Grand Tronc<\/em> cuatro a\u00f1os m\u00e1s tarde. En esta \u00e9poca dorada de ferrocarriles, la CN mostr\u00f3 su capacidad de innovaci\u00f3n con sus vagones de trenes escolares, con las unidades de asistencia de la Cruz Roja \u2014que pod\u00eda de esta forma llegar a zonas remotas\u2014, as\u00ed como con su red de radiodifusi\u00f3n.<\/p>\n<p>La CN ha perdurado, siempre con la modernizaci\u00f3n en la mira. En los a\u00f1os sesenta esta compa\u00f1\u00eda adopt\u00f3, entre otras cosas, las locomotoras di\u00e9sel y, con el fin de adaptarse a las nuevas realidades, concentr\u00f3 sus esfuerzos en el transporte de mercanc\u00edas.<\/p>\n<p>Hoy, la CN es una de las compa\u00f1\u00edas ferroviarias m\u00e1s grandes del mundo. Su red transcontinental, de m\u00e1s de 30 000 km de v\u00eda f\u00e9rrea, atraviesa todo el continente norteamericano.<\/p>\n\n<style type=\"text\/css\" data-created_by=\"avia_inline_auto\" id=\"style-css-av-av_hr-4474f20d2389e2e5ecf918a02da5132e\">\n#top .hr.hr-invisible.av-av_hr-4474f20d2389e2e5ecf918a02da5132e{\nheight:50px;\n}\n<\/style>\n<div  class='hr av-av_hr-4474f20d2389e2e5ecf918a02da5132e hr-invisible  avia-builder-el-7  avia-builder-el-no-sibling '><span class='hr-inner '><span class=\"hr-inner-style\"><\/span><\/span><\/div>\n<p><strong>Gracias al servicio de archivos de\u00a0<em>EXPORAIL\u00a0le Mus\u00e9e ferroviaire\u00a0<\/em>por su valiosa colaboraci\u00f3n en el proyecto.\u00a0<a href=\"https:\/\/www.exporail.org\/\">https:\/\/www.exporail.org\/<\/a><\/strong><\/p>\n<\/div><\/section><\/div><\/div><\/div><\/div><\/div><!--close column table wrapper. Autoclose: 1 -->\n","protected":false},"excerpt":{"rendered":"","protected":false},"author":1,"featured_media":0,"parent":0,"menu_order":0,"comment_status":"closed","ping_status":"closed","template":"","meta":{"footnotes":""},"class_list":["post-1571","page","type-page","status-publish","hentry"],"yoast_head":"<!-- This site is optimized with the Yoast SEO plugin v27.4 - https:\/\/yoast.com\/product\/yoast-seo-wordpress\/ -->\n<title>PARCOURS DE NOS PARTENAIRES ESPAGNOL - Montr\u00e9al en Histoires<\/title>\n<meta name=\"robots\" content=\"index, follow, max-snippet:-1, max-image-preview:large, max-video-preview:-1\" \/>\n<link rel=\"canonical\" href=\"https:\/\/www.montrealenhistoires.com\/en\/parcours-de-nos-partenaires-espagnol\/\" \/>\n<meta property=\"og:locale\" content=\"en_US\" \/>\n<meta property=\"og:type\" content=\"article\" \/>\n<meta property=\"og:title\" content=\"PARCOURS DE NOS PARTENAIRES ESPAGNOL - Montr\u00e9al en Histoires\" \/>\n<meta property=\"og:url\" content=\"https:\/\/www.montrealenhistoires.com\/en\/parcours-de-nos-partenaires-espagnol\/\" \/>\n<meta property=\"og:site_name\" content=\"Montr\u00e9al en Histoires\" \/>\n<meta property=\"article:publisher\" content=\"https:\/\/www.facebook.com\/MontrealEnHistoires\" \/>\n<meta property=\"article:modified_time\" content=\"2017-07-06T13:14:24+00:00\" \/>\n<meta property=\"og:image\" content=\"https:\/\/www.montrealenhistoires.com\/wp-content\/uploads\/2017\/04\/CN-PMS-485-large-1-300x116.png\" \/>\n<meta name=\"twitter:card\" content=\"summary_large_image\" \/>\n<meta name=\"twitter:site\" content=\"@MTLenHistoires\" \/>\n<meta name=\"twitter:label1\" content=\"Est. reading time\" \/>\n\t<meta name=\"twitter:data1\" content=\"7 minutes\" \/>\n<script type=\"application\/ld+json\" class=\"yoast-schema-graph\">{\"@context\":\"https:\\\/\\\/schema.org\",\"@graph\":[{\"@type\":\"WebPage\",\"@id\":\"https:\\\/\\\/www.montrealenhistoires.com\\\/en\\\/parcours-de-nos-partenaires-espagnol\\\/\",\"url\":\"https:\\\/\\\/www.montrealenhistoires.com\\\/en\\\/parcours-de-nos-partenaires-espagnol\\\/\",\"name\":\"PARCOURS DE NOS PARTENAIRES ESPAGNOL - Montr\u00e9al en Histoires\",\"isPartOf\":{\"@id\":\"https:\\\/\\\/www.montrealenhistoires.com\\\/en\\\/#website\"},\"primaryImageOfPage\":{\"@id\":\"https:\\\/\\\/www.montrealenhistoires.com\\\/en\\\/parcours-de-nos-partenaires-espagnol\\\/#primaryimage\"},\"image\":{\"@id\":\"https:\\\/\\\/www.montrealenhistoires.com\\\/en\\\/parcours-de-nos-partenaires-espagnol\\\/#primaryimage\"},\"thumbnailUrl\":\"https:\\\/\\\/www.montrealenhistoires.com\\\/wp-content\\\/uploads\\\/2017\\\/04\\\/CN-PMS-485-large-1-300x116.png\",\"datePublished\":\"2017-06-29T17:53:06+00:00\",\"dateModified\":\"2017-07-06T13:14:24+00:00\",\"breadcrumb\":{\"@id\":\"https:\\\/\\\/www.montrealenhistoires.com\\\/en\\\/parcours-de-nos-partenaires-espagnol\\\/#breadcrumb\"},\"inLanguage\":\"en-US\",\"potentialAction\":[{\"@type\":\"ReadAction\",\"target\":[\"https:\\\/\\\/www.montrealenhistoires.com\\\/en\\\/parcours-de-nos-partenaires-espagnol\\\/\"]}]},{\"@type\":\"ImageObject\",\"inLanguage\":\"en-US\",\"@id\":\"https:\\\/\\\/www.montrealenhistoires.com\\\/en\\\/parcours-de-nos-partenaires-espagnol\\\/#primaryimage\",\"url\":\"https:\\\/\\\/www.montrealenhistoires.com\\\/wp-content\\\/uploads\\\/2017\\\/04\\\/CN-PMS-485-large-1-300x116.png\",\"contentUrl\":\"https:\\\/\\\/www.montrealenhistoires.com\\\/wp-content\\\/uploads\\\/2017\\\/04\\\/CN-PMS-485-large-1-300x116.png\"},{\"@type\":\"BreadcrumbList\",\"@id\":\"https:\\\/\\\/www.montrealenhistoires.com\\\/en\\\/parcours-de-nos-partenaires-espagnol\\\/#breadcrumb\",\"itemListElement\":[{\"@type\":\"ListItem\",\"position\":1,\"name\":\"Accueil\",\"item\":\"https:\\\/\\\/www.montrealenhistoires.com\\\/en\\\/accueil\\\/\"},{\"@type\":\"ListItem\",\"position\":2,\"name\":\"PARCOURS DE NOS PARTENAIRES ESPAGNOL\"}]},{\"@type\":\"WebSite\",\"@id\":\"https:\\\/\\\/www.montrealenhistoires.com\\\/en\\\/#website\",\"url\":\"https:\\\/\\\/www.montrealenhistoires.com\\\/en\\\/\",\"name\":\"Montr\u00e9al en Histoires\",\"description\":\"Des parcours techno-historiques\",\"potentialAction\":[{\"@type\":\"SearchAction\",\"target\":{\"@type\":\"EntryPoint\",\"urlTemplate\":\"https:\\\/\\\/www.montrealenhistoires.com\\\/en\\\/?s={search_term_string}\"},\"query-input\":{\"@type\":\"PropertyValueSpecification\",\"valueRequired\":true,\"valueName\":\"search_term_string\"}}],\"inLanguage\":\"en-US\"}]}<\/script>\n<!-- \/ Yoast SEO plugin. -->","yoast_head_json":{"title":"PARCOURS DE NOS PARTENAIRES ESPAGNOL - Montr\u00e9al en Histoires","robots":{"index":"index","follow":"follow","max-snippet":"max-snippet:-1","max-image-preview":"max-image-preview:large","max-video-preview":"max-video-preview:-1"},"canonical":"https:\/\/www.montrealenhistoires.com\/en\/parcours-de-nos-partenaires-espagnol\/","og_locale":"en_US","og_type":"article","og_title":"PARCOURS DE NOS PARTENAIRES ESPAGNOL - Montr\u00e9al en Histoires","og_url":"https:\/\/www.montrealenhistoires.com\/en\/parcours-de-nos-partenaires-espagnol\/","og_site_name":"Montr\u00e9al en Histoires","article_publisher":"https:\/\/www.facebook.com\/MontrealEnHistoires","article_modified_time":"2017-07-06T13:14:24+00:00","og_image":[{"url":"https:\/\/www.montrealenhistoires.com\/wp-content\/uploads\/2017\/04\/CN-PMS-485-large-1-300x116.png","type":"","width":"","height":""}],"twitter_card":"summary_large_image","twitter_site":"@MTLenHistoires","twitter_misc":{"Est. reading time":"7 minutes"},"schema":{"@context":"https:\/\/schema.org","@graph":[{"@type":"WebPage","@id":"https:\/\/www.montrealenhistoires.com\/en\/parcours-de-nos-partenaires-espagnol\/","url":"https:\/\/www.montrealenhistoires.com\/en\/parcours-de-nos-partenaires-espagnol\/","name":"PARCOURS DE NOS PARTENAIRES ESPAGNOL - Montr\u00e9al en Histoires","isPartOf":{"@id":"https:\/\/www.montrealenhistoires.com\/en\/#website"},"primaryImageOfPage":{"@id":"https:\/\/www.montrealenhistoires.com\/en\/parcours-de-nos-partenaires-espagnol\/#primaryimage"},"image":{"@id":"https:\/\/www.montrealenhistoires.com\/en\/parcours-de-nos-partenaires-espagnol\/#primaryimage"},"thumbnailUrl":"https:\/\/www.montrealenhistoires.com\/wp-content\/uploads\/2017\/04\/CN-PMS-485-large-1-300x116.png","datePublished":"2017-06-29T17:53:06+00:00","dateModified":"2017-07-06T13:14:24+00:00","breadcrumb":{"@id":"https:\/\/www.montrealenhistoires.com\/en\/parcours-de-nos-partenaires-espagnol\/#breadcrumb"},"inLanguage":"en-US","potentialAction":[{"@type":"ReadAction","target":["https:\/\/www.montrealenhistoires.com\/en\/parcours-de-nos-partenaires-espagnol\/"]}]},{"@type":"ImageObject","inLanguage":"en-US","@id":"https:\/\/www.montrealenhistoires.com\/en\/parcours-de-nos-partenaires-espagnol\/#primaryimage","url":"https:\/\/www.montrealenhistoires.com\/wp-content\/uploads\/2017\/04\/CN-PMS-485-large-1-300x116.png","contentUrl":"https:\/\/www.montrealenhistoires.com\/wp-content\/uploads\/2017\/04\/CN-PMS-485-large-1-300x116.png"},{"@type":"BreadcrumbList","@id":"https:\/\/www.montrealenhistoires.com\/en\/parcours-de-nos-partenaires-espagnol\/#breadcrumb","itemListElement":[{"@type":"ListItem","position":1,"name":"Accueil","item":"https:\/\/www.montrealenhistoires.com\/en\/accueil\/"},{"@type":"ListItem","position":2,"name":"PARCOURS DE NOS PARTENAIRES ESPAGNOL"}]},{"@type":"WebSite","@id":"https:\/\/www.montrealenhistoires.com\/en\/#website","url":"https:\/\/www.montrealenhistoires.com\/en\/","name":"Montr\u00e9al en Histoires","description":"Des parcours techno-historiques","potentialAction":[{"@type":"SearchAction","target":{"@type":"EntryPoint","urlTemplate":"https:\/\/www.montrealenhistoires.com\/en\/?s={search_term_string}"},"query-input":{"@type":"PropertyValueSpecification","valueRequired":true,"valueName":"search_term_string"}}],"inLanguage":"en-US"}]}},"_links":{"self":[{"href":"https:\/\/www.montrealenhistoires.com\/en\/wp-json\/wp\/v2\/pages\/1571","targetHints":{"allow":["GET"]}}],"collection":[{"href":"https:\/\/www.montrealenhistoires.com\/en\/wp-json\/wp\/v2\/pages"}],"about":[{"href":"https:\/\/www.montrealenhistoires.com\/en\/wp-json\/wp\/v2\/types\/page"}],"author":[{"embeddable":true,"href":"https:\/\/www.montrealenhistoires.com\/en\/wp-json\/wp\/v2\/users\/1"}],"replies":[{"embeddable":true,"href":"https:\/\/www.montrealenhistoires.com\/en\/wp-json\/wp\/v2\/comments?post=1571"}],"version-history":[{"count":5,"href":"https:\/\/www.montrealenhistoires.com\/en\/wp-json\/wp\/v2\/pages\/1571\/revisions"}],"predecessor-version":[{"id":2625,"href":"https:\/\/www.montrealenhistoires.com\/en\/wp-json\/wp\/v2\/pages\/1571\/revisions\/2625"}],"wp:attachment":[{"href":"https:\/\/www.montrealenhistoires.com\/en\/wp-json\/wp\/v2\/media?parent=1571"}],"curies":[{"name":"wp","href":"https:\/\/api.w.org\/{rel}","templated":true}]}}